{"id":1368,"date":"2019-02-11T00:04:00","date_gmt":"2019-02-10T23:04:00","guid":{"rendered":"https:\/\/www.vin-sable-camargue.com\/?page_id=1368"},"modified":"2024-12-18T21:59:12","modified_gmt":"2024-12-18T20:59:12","slug":"our-friends","status":"publish","type":"page","link":"https:\/\/www.vin-sable-camargue.com\/en\/our-friends\/","title":{"rendered":"Press"},"content":{"rendered":"<p>[vc_row bg_type=&#8221;image&#8221; bg_override=&#8221;ex-full&#8221; enable_overlay=&#8221;enable_overlay_value&#8221; overlay_color=&#8221;rgba(255,255,255,0.7)&#8221; overlay_pattern=&#8221;transperant&#8221; css=&#8221;.vc_custom_1546814755619{background-image: url(https:\/\/www.vin-sable-camargue.com\/wp-content\/uploads\/2017\/05\/BauerGudrun-Ram-gudrun-vin-des-sables1-ret.jpg?id=441) !important;}&#8221;][vc_column][vc_empty_space][vc_column_text]<\/p>\n<h1>Press<\/h1>\n<p>[\/vc_column_text][\/vc_column][\/vc_row][vc_row remove_padding=&#8221;no-padding-vc-row&#8221;][vc_column width=&#8221;1\/2&#8243;][vc_column_text]<\/p>\n<h2 id=\"tw-target-text\" class=\"tw-data-text tw-text-large XcVN5d tw-ta\" dir=\"ltr\" data-placeholder=\"Traduction\"><span class=\"Y2IQFc\" lang=\"en\">Dear journalist friends,<\/span><\/h2>\n<p id=\"tw-target-text\" class=\"tw-data-text tw-text-large XcVN5d tw-ta\" dir=\"ltr\" data-placeholder=\"Traduction\"><span class=\"Y2IQFc\" lang=\"en\">Welcome to the unique terroir of Sable de Camargue wines, here are 5 good reasons to come to our land &#8230; <\/span><\/p>\n<ul>\n<li class=\"tw-data-text tw-text-large XcVN5d tw-ta\" dir=\"ltr\" data-placeholder=\"Traduction\"><span class=\"Y2IQFc\" lang=\"en\">The landscapes of the wild Camargue mingle with vines as far as the eye can see, <\/span><\/li>\n<li class=\"tw-data-text tw-text-large XcVN5d tw-ta\" dir=\"ltr\" data-placeholder=\"Traduction\"><span class=\"Y2IQFc\" lang=\"en\">The winegrowers preserve the environment with 90% of the AB \/ HVE 3 vineyards, <\/span><\/li>\n<li class=\"tw-data-text tw-text-large XcVN5d tw-ta\" dir=\"ltr\" data-placeholder=\"Traduction\"><span class=\"Y2IQFc\" lang=\"en\">Here live more than 1000 animal and plant species including colonies of pink flamingos, <\/span><\/li>\n<li class=\"tw-data-text tw-text-large XcVN5d tw-ta\" dir=\"ltr\" data-placeholder=\"Traduction\"><span class=\"Y2IQFc\" lang=\"en\">The vines have their feet in the sand all year round with 300 days of sunshine,<\/span><\/li>\n<li class=\"tw-data-text tw-text-large XcVN5d tw-ta\" dir=\"ltr\" data-placeholder=\"Traduction\">Producing 94% of the wines in gris and gris de gris, it is a real know-how that has been passed down from generation to generation.<\/li>\n<\/ul>\n<p><span class=\"Y2IQFc\" lang=\"en\">From the small winegrower who cultivates a few rows of vines, to family estates, to the largest European farm, we will find you the right interlocutor, and be force of proposals for your subjects and reports. <\/span><\/p>\n<p><span class=\"Y2IQFc\" lang=\"en\">We look forward to meeting you in the sands, or around a glass of Gris Sable de Camargue wine, <\/span><\/p>\n<p><span class=\"Y2IQFc\" lang=\"en\">The team of the Sable de Camargue wine union<\/span><\/p>\n<hr \/>\n<p>Fanny MARCHAL &#8211; Charg\u00e9e de communication<br \/>\n+33 (0)6 24 14 79 11 &#8211; +33 (0)4 66 53 99 57<br \/>\n<a href=\"mailto:communication@vin-sable-camargue.com\" target=\"_blank\" rel=\"noopener\">communication@vin-sable-camargue.com<\/a>[\/vc_column_text][\/vc_column][vc_column width=&#8221;1\/2&#8243;][vc_single_image image=&#8221;2042&#8243; img_size=&#8221;large&#8221; alignment=&#8221;center&#8221; css_animation=&#8221;slideInRight&#8221;][\/vc_column][\/vc_row][vc_row remove_padding=&#8221;no-padding-vc-row&#8221;][vc_column width=&#8221;1\/2&#8243;][vc_single_image image=&#8221;2027&#8243; img_size=&#8221;large&#8221; alignment=&#8221;center&#8221; css_animation=&#8221;slideInLeft&#8221;][\/vc_column][vc_column width=&#8221;1\/2&#8243;][vc_column_text]<\/p>\n<div id=\"tw-container\" class=\"YQaNob\" data-cp=\"1\" data-is-ver=\"false\" data-nnttsvi=\"1\" data-sm=\"1\" data-sugg-time=\"500\" data-sugg-url=\"https:\/\/clients1.google.com\/complete\/search\" data-uilc=\"fr\">\n<div id=\"tw-ob\" class=\"tw-src-ltr\">\n<div class=\"oSioSc\">\n<div id=\"tw-target\">\n<div id=\"kAz1tf\" class=\"g9WsWb\">\n<div id=\"tw-target-text-container\" class=\"tw-ta-container hide-focus-ring tw-nfl\" tabindex=\"0\">\n<h2 id=\"tw-target-text\" class=\"tw-data-text tw-text-large XcVN5d tw-ta\" dir=\"ltr\" data-placeholder=\"Traduction\"><span class=\"Y2IQFc\" lang=\"en\">Documents at your disposal<\/span><\/h2>\n<\/div>\n<\/div>\n<\/div>\n<\/div>\n<\/div>\n<\/div>\n<p>[\/vc_column_text][vc_tta_accordion][vc_tta_section title=&#8221;Our press kit&#8221; tab_id=&#8221;1546812621941-327f19e6-9487&#8243;][vc_column_text]<a href=\"https:\/\/www.vin-sable-camargue.com\/wp-content\/uploads\/2024\/02\/Dossier-presse-AOP-Sable-de-Camargue.pdf\" target=\"_blank\" rel=\"noopener\"><b>Download Press Kit<\/b><\/a><a href=\"https:\/\/www.vin-sable-camargue.com\/wp-content\/uploads\/2024\/02\/Dossier-presse-AOP-Sable-de-Camargue.pdf\" target=\"_blank\" rel=\"noopener\"><strong><br \/>\n<img decoding=\"async\" loading=\"lazy\" class=\"size-medium wp-image-2477 alignleft\" src=\"https:\/\/www.vin-sable-camargue.com\/wp-content\/uploads\/2023\/10\/Dossier-presse-AOP-212x300.jpg\" alt=\"\" width=\"212\" height=\"300\" \/><\/strong><\/a>[\/vc_column_text][\/vc_tta_section][vc_tta_section title=&#8221; Our press release&#8221; tab_id=&#8221;1546812622152-e30ea17c-6182&#8243;][vc_column_text]<a href=\"https:\/\/www.vin-sable-camargue.com\/wp-content\/uploads\/2024\/03\/Cp-Le-1er-Millesime-en-AOP-Sable-de-Camargue-couronne-dhonneur-au-CGA-2024-les-Vins-gris-brillent-.pdf\" target=\"_blank\" rel=\"noopener\">Le 1er mill\u00e9sime en AOP Sable de Camargue couronn\u00e9 d&#8217;Or au CGA 2024<\/a><\/p>\n<p><strong><a href=\"https:\/\/www.vin-sable-camargue.com\/wp-content\/uploads\/2023\/10\/Communique-de-presse-Passage-en-AOP-Sable-de-Camargue.-pdf.pdf\" target=\"_blank\" rel=\"noopener\">AOP &#8211; Les Vins Sable de Camargue obtiennent l&#8217;Appellation d&#8217;Origine Prot\u00e9g\u00e9e !<\/a><\/strong><\/p>\n<p><a href=\"https:\/\/www.vin-sable-camargue.com\/wp-content\/uploads\/2023\/04\/Communiqu\u00e9-de-presse-Nouveau-mill\u00e9sime-Sable-de-Camargue.pdf\" target=\"_blank\" rel=\"noopener\">Mill\u00e9sime 2022<\/a><\/p>\n<p><a href=\"https:\/\/www.vin-sable-camargue.com\/wp-content\/uploads\/2023\/04\/CP-Sablissimes-2023.pdf\" target=\"_blank\" rel=\"noopener\">Sablissimes 2023<\/a>[\/vc_column_text][\/vc_tta_section][\/vc_tta_accordion][\/vc_column][\/vc_row][vc_row remove_padding=&#8221;no-padding-vc-row&#8221;][vc_column width=&#8221;1\/2&#8243;][vc_column_text]<\/p>\n<h2>We talk about us<\/h2>\n<p>[\/vc_column_text][vc_tta_accordion][vc_tta_section title=&#8221;Ann\u00e9e 2024 !&#8221; tab_id=&#8221;1546813031312-1b885490-02c1&#8243;][vc_column_text]<strong>Objectif Gard\u00a0:<\/strong> SAINT-LAURENT-D&#8217;AIGOUZE Parking provisoire, une fontaine et les archives de l&#8217;abbaye au menu des v\u0153ux de Thierry F\u00e9line \u2013 <a href=\"https:\/\/www.objectifgard.com\/gard\/camargue\/saint-laurent-daigouze-les-douze-travaux-de-thierry-feline-104315.php\">Article<\/a> \u2013 24 Janvier 2024<\/p>\n<p><strong>Vues sur le large\u00a0: <\/strong>LE GRAU DU ROI \u2013 Journal municipal \u2013 Les Vins Sable de Camargue obtiennent l\u2019AOP \u2013 Article \u2013 Javier 2024<\/p>\n<p><strong>Gazette de N\u00eemes : <\/strong>Gard, pr\u00e8s de 4000 moutons dans les vignes Sable de Camargue &#8211; <a href=\"https:\/\/www.lagazettedenimes.fr\/live\/65ab97b1746ec9002ce8bf01\/gard-pres-de-4-000-moutons-dans-les-vignes-sables-de-camargue\">Article<\/a> \u2013 Samedi 20 Janvier 2024<\/p>\n<p><strong>Midi Libre :<\/strong> Les moutons, partenaires vertueux dans la gestion des vignobles \u2013 Article \u2013 28 Janvier 2024<\/p>\n<p><strong>Terre de Vins : <\/strong>Communiqu\u00e9 de Presse &#8211; AOP : Les Vins Sable de Camargue obtiennent l\u2019appellation d\u2019Origine Prot\u00e9g\u00e9e &#8211; <a href=\"https:\/\/actu.fr\/societe\/occitanie-une-nouvelle-indication-geographique-viticole-approuvee-par-la-commission-europeenne_60205156.html\">Article<\/a> \u2013 Janvier 2024<\/p>\n<p><strong>Terre de Vins : <\/strong>Escapade \u2013 En Terre de Sable &#8211; <a href=\"https:\/\/actu.fr\/societe\/occitanie-une-nouvelle-indication-geographique-viticole-approuvee-par-la-commission-europeenne_60205156.html\">Article<\/a> \u2013 Janvier 2024<\/p>\n<p><strong>Magazine \u00ab\u00a0Perspectives\u00a0\u00bb Saint Laurent d\u2019Aigouze\u00a0: <\/strong>Les Vins \u00ab\u00a0Sable de Camargue\u00a0\u00bb ont obtenu l\u2019AOP \u2013 Article \u2013 Janvier 2024<\/p>\n<p><strong>Sortir \u00e0 Paris<\/strong>\u00a0: La Camargue d\u00e9barque \u00e0 paris au rosa bonheur sur seine \u2013 <a href=\"https:\/\/www.sortiraparis.com\/hotel-restaurant\/bar-cafes\/articles\/308523-la-camargue-debarque-a-paris-au-rosa-bonheur-sur-seine\">Article<\/a> &#8211; 12 F\u00e9vrier 2024<\/p>\n<p><strong>Le r\u00e9veil du Midi\u00a0:\u00a0 <\/strong>La Camargue s&#8217;invite \u00e0 Paris au Salon International de l&#8217;Agriculture \u2013 <a href=\"https:\/\/www.lereveildumidi.fr\/culture-et-terroir\/%C3%A9v%C3%A8nements\/la-camargue-s-invite-%C3%A0-paris\">Article<\/a> \u2013 14 F\u00e9vrier 2024<\/p>\n<p><strong>Midi libre<\/strong>\u00a0: Salon international de l&#8217;agriculture : l&#8217;esprit de Camargue soufflera sur Paris du 24 f\u00e9vrier au 3 mars \u2013 <a href=\"https:\/\/www.midilibre.fr\/2024\/02\/20\/salon-international-de-lagriculture-lesprit-de-camargue-soufflera-sur-paris-du-24-fevrier-au-3-mars-11774466.php\">Article<\/a> \u2013 20 F\u00e9vier 2024<\/p>\n<p><strong>Objectif Gard\u00a0: <\/strong>CAMARGUE &#8211; Le cheval camarguais d\u00e9barque \u00e0 Paris \u2013 <a href=\"https:\/\/www.objectifgard.com\/actualites\/camargue-le-cheval-camarguais-debarque-a-paris-123503.php\">Article<\/a> \u2013 22 F\u00e9vrier 2024<\/p>\n<p><strong>Info Occitanie\u00a0:<\/strong> Gard : terre de Camargue, quatre chevaux montent \u00e0 paris pour le salon de l\u2019agriculture- <a href=\"https:\/\/infoccitanie.fr\/gard-terre-de-camargue-quatre-chevaux-montent-a-paris-pour-le-salon-de-lagriculture\/\">Article<\/a> \u2013 F\u00e9vrier 2024<\/p>\n<p><strong>Gala<\/strong>\u00a0: Chevaux, fanfare, DJ set\u2026 Le Rosa Bonheur sur Seine f\u00eate la Camargue &#8211; \u00a0<a href=\"https:\/\/www.gala.fr\/lifestyle\/chevaux-fanfare-dj-set-le-rosa-bonheur-sur-seine-fete-la-camargue_539037\">Article<\/a> &#8211; 28 f\u00e9vrier 2024<\/p>\n<p><strong>Unidivers\u00a0: <\/strong>La Camargue d\u00e9barque \u00e0 Paris Rosa Bonheur sur Seine Paris \u2013 <a href=\"https:\/\/www.unidivers.fr\/event\/la-camargue-debarque-a-paris-rosa-bonheur-sur-seine-paris-2024\/\">Article<\/a> \u2013 28 F\u00e9vrier 2024<\/p>\n<p><strong>Midi libre<\/strong>\u00a0: Pluie de m\u00e9dailles pour les vins Sable de Camargue \u2013 <a href=\"https:\/\/www.midilibre.fr\/2024\/03\/02\/pluie-de-medailles-pour-les-vins-sable-de-camargue-11799307.php\">Article<\/a> \u2013 2 mars 2024<\/p>\n<p><strong>Le r\u00e9veil du Midi\u00a0: <\/strong>Une belle r\u00e9colte de m\u00e9dailles pour les vins Sable de Camargue au salon de l\u2019agriculture \u2013 <a href=\"https:\/\/www.lereveildumidi.fr\/%C3%A9conomie\/agriculture\/une-belle-r%C3%A9colte-de-m%C3%A9dailles-pour-les-vins-sable-de-camargue-au-salon-de-l%E2%80%99agriculture\">Article<\/a> \u2013 4 Mars 2024<\/p>\n<p><strong>Objectif Gard\u00a0: <\/strong>GARD Couronn\u00e9s d\u2019honneur, les vins gris de Camargue brillent ! \u2013 <a href=\"https:\/\/www.objectifgard.com\/gard\/gard-couronnes-dhonneur-les-vins-gris-de-camargue-brillent-123743.php\">Article<\/a> \u2013 Mars 2024<\/p>\n<p><strong>L\u2019ind\u00e9pendant<\/strong>\u00a0: Salon de l&#8217;agriculture : la Camargue offre une nouvelle AOP \u00e0 l&#8217;Occitanie \u2013 <a href=\"https:\/\/www.lindependant.fr\/2024\/02\/28\/salon-de-lagriculture-la-camargue-offre-une-nouvelle-aop-a-loccitanie-11793382.php\">Article<\/a> \u2013 Mars 2024<\/p>\n<p><strong>La Provence\u00a0:<\/strong> Chevaux, vins&#8230; la pause camarguaise de Gabriel Attal au Salon de l\u2019agriculture \u2013 <a href=\"https:\/\/www.laprovence.com\/article\/france-monde\/91759583718328\/gabriel-attal-prend-un-bol-dair-au-salon-de-l-agriculture\">Article<\/a> \u2013 27 F\u00e9vrier 2024<\/p>\n<p><strong>H\u00e9rault Tribune<\/strong>\u00a0: H\u00e9rault : F\u00e9libre, le cheval star de la race camarguaise est au Salon de l\u2019Agriculture ! \u2013 <a href=\"https:\/\/www.herault-tribune.com\/articles\/video-herault-felibre-le-cheval-star-de-la-race-camarguaise-est-au-salon-de-lagriculture\/\">Article<\/a> \u2013 28 F\u00e9vrier 2024<\/p>\n<p><strong>Epulae News<\/strong>\u00a0: Rencontre avec Fr\u00e9d\u00e9ric Arragon, Pr\u00e9sident de la Nouvelle DOC Sable de Camargue \u2013 <a href=\"https:\/\/ot-aiguesmortes.com\/prestataire\/exposition-les-sables-emouvants\">Article<\/a> \u2013 Le 12 mars 2024<\/p>\n<p><strong>Le Gard\u00a0: <\/strong>Hors-s\u00e9rie\u00a0: Le Gard aux c\u00f4t\u00e9s de ses agriculteurs \u2013 AOP Sable de Camargue &#8211; Mars 2024<\/p>\n<p><strong>L\u2019ind\u00e9pendant<\/strong>\u00a0: Occitanie : barrage au phyllox\u00e9ra, le sable fa\u00e7onne encore les vins de Camargue \u2013 <a href=\"https:\/\/www.lindependant.fr\/2024\/03\/29\/occitanie-barrage-au-phylloxera-le-sable-faconne-encore-les-vins-de-camargue-11857866.php\">Article<\/a> &#8211; Mars 2024<\/p>\n<p><strong>Le Figaro Vins\u00a0:<\/strong> \u00c0 la d\u00e9couverte des vins des sables \u2013 <a href=\"https:\/\/avis-vin.lefigaro.fr\/terroir-viticulture\/o157530-a-la-decouverte-des-vins-des-sables\">Article<\/a> \u2013 Mars 2024<\/p>\n<p><strong>Midi libre\u00a0:<\/strong> Les Sablissimes ont f\u00eat\u00e9 plus que jamais l\u2019AOP Sable de Camargue \u2013 <a href=\"https:\/\/www.midilibre.fr\/2024\/04\/03\/les-sablissimes-ont-fete-plus-que-jamais-laop-sable-de-camargue-11866108.php\">Article<\/a> \u2013 Mars 2024<\/p>\n<p><strong>Objectif Gard\u00a0:<\/strong> FAIT DU SOIR &#8211; Les vins Sable de Camargue voient la vie en rose \u2013 <a href=\"https:\/\/www.objectifgard.com\/actualites\/fait-du-soir-les-vins-sable-de-camargue-voient-la-vie-en-rose-125466.php\">Article<\/a> \u2013 Mars 2024<\/p>\n<p><strong>M\u00e9tropolitain\u00a0: <\/strong>Aigues-Mortes, c\u00e9l\u00e9brons le prontemps en Camargue \u2013 Article \u2013 Mars 2024<\/p>\n<p><strong>La Gazette de N\u00eemes\u00a0:<\/strong> Aigues-Mortes. Printemps en Camargue : le programme des animations dimanche 7 \u2013 <a href=\"https:\/\/www.lagazettedenimes.fr\/live\/6611582f919dd738e09cd80d\/aigues-mortes-printemps-en-camargue-le-programme-des-animations-dimanche-7\">Article<\/a> \u2013 Mars 2024<\/p>\n<p><strong>Midi Libre\u00a0:<\/strong> Le Printemps en Camargue f\u00eate l\u2019arriv\u00e9e de la belle saison \u2013 <a href=\"https:\/\/www.midilibre.fr\/2024\/03\/31\/le-printemps-en-camargue-fete-larrivee-de-la-belle-saison-11860749.php\">Article<\/a> \u2013 Mars 2024<\/p>\n<p><strong>Le r\u00e9veil du midi\u00a0:<\/strong> Aigues-Mortes s&#8217;anime pour la 3e \u00e9dition du Printemps en Camargue les 6 et 7 avril \u2013 <a href=\"https:\/\/www.lereveildumidi.fr\/culture-et-terroir\/sorties\/aigues-mortes-s-anime-pour-la-3e-%C3%A9dition-du-printemps-en-camargue-les-6-et-7-avril\">Article<\/a> \u2013 Mars 2024<\/p>\n<p><strong>Objectif Gard\u00a0:<\/strong> AIGUES-MORTES Printemps en Camargue, demandez le programme ! \u2013 <a href=\"https:\/\/www.objectifgard.com\/actualites\/aigues-mortes-printemps-en-camargue-demandez-le-programme-125091.php\">Article<\/a> \u2013 Mars 2024<\/p>\n<p><strong>News Days.fr\u00a0:<\/strong> F\u00eatons le printemps en Camargue \u2013 <a href=\"https:\/\/news.dayfr.com\/local\/3640507.html\">Article<\/a> \u2013 Mars 2024<\/p>\n<p><strong>L\u2019Art Vue\u00a0:<\/strong> Aigues-Mortes : un festival les 2 et 3 avril pour f\u00eater le Printemps en Camargue \u2013 <a href=\"https:\/\/lartvues.com\/aigues-mortes-un-festival-les-2-et-3-avril-pour-feter-le-printemps-en-camargue\/\">Article<\/a> \u2013 Mars 2024<\/p>\n<p><strong>Objectif Gard\u00a0:<\/strong> AIGUES-MORTES La cit\u00e9 ouvre la saison du printemps en Camargue \u2013 <a href=\"https:\/\/www.objectifgard.com\/actualites\/aigues-mortes-la-cite-ouvre-la-saison-du-printemps-en-camargue-126042.php\">Article<\/a> \u2013 Mars 2024<\/p>\n<p><strong>Radio France Bleu Gard Lozere<\/strong>\u00a0: Bienvenue chez vous : assiette, vigne et randonn\u00e9e \u00e0 Aigues Mortes et en Camargue \u2013 <a href=\"https:\/\/www.francebleu.fr\/emissions\/bienvenue-chez-vous-france-bleu-gard-lozere\/bienvenue-chez-vous-assiette-vigne-et-randonnee-a-aigues-mortes-et-en-camargue-9738029\">Article et podcast<\/a> \u2013 Avril 2024<\/p>\n<p><strong>L\u2019or Magazine<\/strong>\u00a0: Les Vins Sable de Camargue obtiennent l\u2019AOP \u2013 Printemps Et\u00e9 2024<\/p>\n<p><strong>Gault et Millau\u00a0: <\/strong>S\u00e9lection de vins Sable de Camargue \u2013 Mai 2024<\/p>\n<p><strong>Gard aux Chefs\u00a0: <\/strong>Sable de Camargue, la singularit\u00e9 d\u2019un terroir de l\u2019extr\u00eame \u2013 <a href=\"https:\/\/gardauxchefs.fr\/actualites\/sable-de-camargue-la-singularite-dun-terroir-de-lextreme\/\">Article<\/a> \u2013 16 Mai 2024<\/p>\n<p><strong>Midi Libre \u00ab\u00a0Le Guide de l\u2019\u00e9t\u00e9\u00a0\u00bb<\/strong>\u00a0: Les Vins Sable de Camargue obtiennent l\u2019AOP \u2013 Printemps Et\u00e9 2024<\/p>\n<p><strong>Exa France\u00a0: <\/strong>Parution R\u00e9seaux sociaux \u2013 Le ros\u00e9 de Camargue \u00e0 enfin son AOP \u2013 3 Juillet 2024<\/p>\n<p><strong>Bourrasse\u00a0: <\/strong>Tout savoir sur la nouvelle AOP Vins Sable de Camargue \u2013 <a href=\"https:\/\/www.bourrasse.com\/tout-savoir-sur-la-nouvelle-aop-vins-sable-de-camargue-2\/\">Article<\/a> &#8211; Ao\u00fbt 2024<\/p>\n<p><strong>Midi Libre<\/strong>\u00a0: La Tourn\u00e9e de l\u2019\u00e9t\u00e9 \u2013 Une \u00e9tape riche \u00e0 Aigues-Mortes \u2013 <a href=\"https:\/\/www.midilibre.fr\/2024\/08\/06\/tournee-de-lete-midi-libre-vous-accueille-ce-7-aout-a-aigues-mortes-12126970.php#:~:text=La%20Tourn%C3%A9e%20de%20l%27%C3%A9t%C3%A9%20Midi%20Libre%20posera%20ses%20valises,programme%20de%20cette%20nouvelle%20%C3%A9tape.\">Article<\/a> \u2013 7 Ao\u00fbt 2024<\/p>\n<p><strong>Terre de Vins\u00a0: <\/strong>TIRE A PART \u2013 Le Gard \u2013 Un \u00e9t\u00e9 dans les Vignes \u2013 Aout 2024<\/p>\n<p><strong>France 3 Occitanie<\/strong>\u00a0: VIDEO &#8220;C&#8217;est le moment&#8221;: dans ce domaine viticole d&#8217;Aigues-Mortes, les vendanges se font de nuit \u2013 <a href=\"https:\/\/france3-regions.francetvinfo.fr\/occitanie\/gard\/nimes\/video-c-est-le-moment-dans-ce-domaine-viticole-d-aigues-mortes-les-vendanges-se-font-de-nuit-3022178.html\">Vid\u00e9o<\/a> \u2013 Ao\u00fbt 2024<\/p>\n<p><strong>France 3 Occitanie\u00a0<\/strong>: ARTICLE &#8211; Vendanges nocturnes des vins Sable de Camargue &#8211; Ao\u00fbt 2024<\/p>\n<p><strong>Objectif Gard\u00a0<\/strong>: Une ann\u00e9e prometteuse pour les Vins Sable de Camargue \u2013 Septembre 2024<\/p>\n<p><strong>La Lettre M\u00a0<\/strong>: \u00ab 2024 est une ann\u00e9e prometteuse pour l\u2019AOP Vins Sable de Camargue\u00a0\u00bb &#8211; <a href=\"https:\/\/www.lalettrem.fr\/la-lettre-m\/frederic-arragon-0\">Article<\/a> &#8211; 11 Septembre 2024<\/p>\n<p><strong>Radio Delta FM\u00a0: <\/strong>Les vendanges Sable de Camargue au Domaine du Petit Chaumont \u2013 11 Septembre 2024<\/p>\n<p><strong>Journal Vignette<\/strong>\u00a0: Une vendange prometteuse pour les Vins Sable de Camargue \u2013 <a href=\"https:\/\/www.journalvignette.fr\/annee-prometteuse-aop-vins-sable-camargue\/#:~:text=les%20%C3%A9pisodes%20pluvieux.-,Une%20r%C3%A9colte%20pleine%20de%20promesses,se%20traduira%20dans%20nos%20bouteilles.\">Article<\/a> &#8211; Octobre 2024<\/p>\n<p><strong>M\u00e9t\u00e9o \u00e0 la carte<\/strong>\u00a0: Rediffusion \u2013 Tradition : le vin des sables camarguais \u2013 <a href=\"https:\/\/www.youtube.com\/watch?v=TPSiSJM-I0c&amp;t=78s\">Vid\u00e9o<\/a> &#8211; Octobre 2024<\/p>\n<p><strong>Aigues-Mortes le Mag\u00a0: <\/strong>Ils l\u2019ont fait AOP Sable de Camargue \u2013 Aigues-Mortes en action\u00a0: Tourn\u00e9e Midi Libre \u2013 Printemps en Camargue\u00a0: Le wine truck \u2013 Magazine \u2013 Octobre 2024<\/p>\n<p><strong>CCI du Gard\u00a0: <\/strong>Rentr\u00e9e \u00e9conomique de la CCI du Gard \u2013 11 Septembre 2024<\/p>\n<p><strong>Le r\u00e9veil du midi\u00a0: <\/strong>Gros succ\u00e8s de la 14\u00e8me \u00e9dition de la rentr\u00e9e \u00e9conomique de la CCI Gard\u00a0: prix de l&#8217;interconsulaire pour les Vins Sable de Camargue\u00a0 \u2013 <a href=\"https:\/\/www.lereveildumidi.fr\/%C3%A9conomie\/entreprise\/gros-succ%C3%A8s-de-la-14%C3%A8me-%C3%A9dition-de-la-rentr%C3%A9e-%C3%A9conomique-de-la-cci-gard\">Article<\/a> \u2013 11 Septembre 2024<\/p>\n<p><strong>Midi Libre\u00a0: <\/strong>&#8220;Quand le b\u00e2timent va, tout va\u2026&#8221; Pour sa rentr\u00e9e, la CCI rassemble 900 personnes au Mas Merlet\u00a0: 3 prix remis \u2013 <a href=\"https:\/\/www.midilibre.fr\/2024\/09\/11\/quand-le-batiment-va-tout-va-pour-sa-rentree-la-cci-rassemble-900-personnes-au-mas-merlet-12191185.php\">Article<\/a> \u2013 11 Septembre 2024<\/p>\n<p><strong>YAM<\/strong>\u00a0: Podcast et r\u00e9el instagram\u00a0: Au c\u0153ur des Sables de Camargue ! \u2013 18 Octobre 2024<\/p>\n<p><strong>Bureau Veritas<\/strong>\u00a0: Vid\u00e9o \u2013 Les Vins Sable de Camargue officiellement reconnus AOP \u2013 Novembre 2024<\/p>\n<p><strong>Le Gard<\/strong>\u00a0: Les Vignobles du Gard\u00a0: Vignobles Vidourle Camargue \/ Les exp\u00e9riences \u2013 Septembre 2024<\/p>\n<p><strong>La sommellerie de r\u00e9f\u00e9rence\u00a0: <\/strong>MAJ du Guide &amp; Pr\u00e9sentation de l\u2019AOP Sable de Camargue \u2013 Ann\u00e9e 2024<\/p>\n<p><strong>Marmiton\u00a0: <\/strong><a href=\"https:\/\/www.pressreader.com\/france\/marmiton-hors-serie\/20241113\/283016880220771?srsltid=AfmBOopV0MDxrkgjJf9cpfF8jQRDVismgObNhienFdZ2U5JuwvB-9_Gr\" target=\"_blank\" rel=\"noopener\">Article<\/a> &#8211; Sable de Camargue Nouvelle AOP tout en fra\u00eecheur \u2013 Novembre 2024[\/vc_column_text][\/vc_tta_section][vc_tta_section title=&#8221;PGI &gt;&gt;&gt; PDO&#8221; tab_id=&#8221;1620223100128-707185b6-9c01&#8243;][vc_column_text]<strong>Actu.fr : <\/strong>Une nouvelle indication g\u00e9ographique viticole approuv\u00e9e par la Commission Europ\u00e9enne &#8211; <a href=\"https:\/\/actu.fr\/societe\/occitanie-une-nouvelle-indication-geographique-viticole-approuvee-par-la-commission-europeenne_60205156.html\">Article<\/a> \u2013 16 octobre 2023<\/p>\n<p><strong>INAO : <\/strong>Viticulture : \u00ab Sable de Camargue \u00bb enregistr\u00e9 en Appellation d\u2019Origine Prot\u00e9g\u00e9e (AOP) &#8211; <a href=\"https:\/\/youtu.be\/8Hz8X2ZNFe0?si=fVH2hJo-hZ_iZsoI\">Vid\u00e9o<\/a><\/p>\n<p><strong>INAO <\/strong>: Viticulture : \u00ab Sable de Camargue \u00bb enregistr\u00e9 en Appellation d\u2019Origine Prot\u00e9g\u00e9e (AOP) &#8211; <a href=\"https:\/\/www.inao.gouv.fr\/Nos-actualites\/aop-sable-de-camargue\">Article<\/a><\/p>\n<p><strong>mon-Viti.fr <\/strong>: Les vins de Sable de Camargue reconnus en AOP &#8211; <a href=\"https:\/\/www.mon-viti.com\/node\/30098\/print\">Article<\/a> -20 Octobre 2023<\/p>\n<p><strong>Midi Libre<\/strong> : Les vins &#8220;Sable de Camargue&#8221; obtiennent l&#8217;Appellation d&#8217;origine prot\u00e9g\u00e9e &#8211; <a href=\"https:\/\/www.midilibre.fr\/2023\/10\/21\/les-vins-sable-de-camargue-obtiennent-lappellation-dorigine-protegee-11534548.php\">Article<\/a> \u2013 21 Octobre 2023<\/p>\n<p><strong>Midi Libre<\/strong> : Hu\u00eetres et Label rouge, arbres sur la Com\u00e9die, vin de Sable de Camargue&#8230; l&#8217;essentiel de l&#8217;actu en r\u00e9gion &#8211; <a href=\"https:\/\/www.midilibre.fr\/2023\/10\/22\/huitres-et-label-rouge-arbres-sur-la-comedie-vin-de-sable-de-camargue-lessentiel-de-lactu-en-region-11536472.php\">Article<\/a> &#8211; 22 Octobre 2023<\/p>\n<p><strong>Midi libre\u00a0:<\/strong> Fr\u00e9d\u00e9ric Arragon &#8211; La nouvelle AOP Sable de Camargue valorise notre terroir atypique \u2013<a href=\"https:\/\/www.midilibre.fr\/2023\/10\/22\/frederic-arragon-la-nouvelle-aop-sable-de-camargue-valorise-notre-terroir-atypique-11535952.php\">Article<\/a> &#8211; 23 Octobre 2023<\/p>\n<p><strong>La Gazette de N\u00eemes<\/strong> : Les vins Sable de Camargue reconnus en AOP \u2013 <a href=\"https:\/\/www.lagazettedemontpellier.fr\/live\/653662573a559f42d0ebf406\/gard-les-vins-sable-de-camargue-reconnus-aop\">Article<\/a> &#8211; 23 Octobre 2023<\/p>\n<p><strong>La Gazette de Montpellier : <\/strong>Les vins Sable de Camargue reconnus AOP &#8211; <a href=\"https:\/\/www.lagazettedemontpellier.fr\/live\/653662573a559f42d0ebf406\/gard-les-vins-sable-de-camargue-reconnus-aop\">Article<\/a> &#8211; 23 Octobre 2023<\/p>\n<p><strong>VS NEWS <\/strong>: Sable de Camargue deviennent AOP &#8211; <a href=\"https:\/\/www.vsnews.fr\/?view=article&amp;id=38374:sable-de-camargue-devient-une-aop&amp;catid=186&amp;highlight=WyJhb3AiLCJjYW1hcmd1ZSJd\">Article<\/a> &#8211; 23 Octobre 2023<\/p>\n<p><strong>Vitisph\u00e8re<\/strong> : Les vins de Sables de Camargue acc\u00e8dent, enfin, \u00e0 l\u2019AOP et sa protection europ\u00e9enne &#8211; <a href=\"https:\/\/www.vitisphere.com\/actualite-100420-les-vins-de-sables-de-camargue-accedent-enfin-a-laop-et-sa-protection-europeenne.html\">Article<\/a> &#8211; 24 Octobre 2023<\/p>\n<p><strong>Le R\u00e9veil du midi<\/strong> : Les vins gris et gris de gris Sable de Camargue obtiennent l&#8217;AOP &#8211; <a href=\"https:\/\/www.lereveildumidi.fr\/%C3%A9conomie\/agriculture\/les-vins-gris-et-gris-de-gris-sable-de-camargue-obtiennent-l-aop\">Article<\/a> &#8211; 24 Octobre 2023<\/p>\n<p><strong>France 3 Occitanie<\/strong> : Passage en Appellation d\u2019Origine Prot\u00e9g\u00e9e Vins Sable de Camargue &#8211; <a href=\"https:\/\/fb.watch\/ocsUsK9Kbv\/\">Vid\u00e9o<\/a> &#8211; 24 Octobre 2023<\/p>\n<p><strong>Le R\u00e9veil du midi<\/strong> : L\u2019appellation d\u2019origine prot\u00e9g\u00e9 pour les vins Sable de Camargue (le fruit d\u2019un travail de longue haleine) &#8211; <a href=\"https:\/\/www.lereveildumidi.fr\/%C3%A9conomie\/agriculture\/l-appellation-d-origine-prot%C3%A9g%C3%A9e-pour-les-vins-sable-de-camargue,-%C2%AB-le-fruit-d-un-travail-de-longue-haleine-%C2%BB\">Article<\/a> &#8211; 26 Octobre 2023<\/p>\n<p><strong>ViaOccitanie : <\/strong>Les vins Sable de Camargue obtiennent leur Appellation d&#8217;origine prot\u00e9g\u00e9e &#8211; <a href=\"https:\/\/viaoccitanie.tv\/les-vins-sable-de-camargue-obtiennent-leur-appellation-dorigine-protegee\/\">Vid\u00e9o<\/a> &#8211; 26 Octobre 2023<\/p>\n<p><strong>Communaut\u00e9 de communes Terre de Camargue<\/strong> : Les vins Sable de Camargue d\u00e9crochent l\u2019AOP &#8211; <a href=\"https:\/\/www.facebook.com\/CCTerredecamargue\/posts\/pfbid02tB2zDAEhFKw3QAox6BchW32vGfMZ9miwEfSNAYX2MG4kjRiJYwHff1sTW4oSr13ql\">Article<\/a> \u2013 26 Octobre 2023<\/p>\n<p><strong>France Bleu Gard Loz\u00e8re <\/strong>: Sp\u00e9cial Camargue pour le Salon des Go\u00fbts de France \u00e0 Vauvert &#8211; <a href=\"https:\/\/www.francebleu.fr\/emissions\/bienvenue-chez-vous-france-bleu-gard-lozere\/special-camargue-pour-le-salon-des-gouts-de-france-a-vauvert-4086630\">Podcast<\/a> \u2013 27 Octobre 2023<\/p>\n<p><strong>Terre de Vin :<\/strong> Sable de Camargue, nouvelle appellation d\u2019origine ros\u00e9e ! &#8211;<a href=\"https:\/\/www.terredevins.com\/actualites\/sable-de-camargue-nouvelle-appellation-dorigine-rosee\"> Article<\/a> \u2013 27 Octobre 2023<\/p>\n<p><strong>Rayon Boissons<\/strong> : Sable de Camargue obtient la reconnaissance en AOP &#8211; <a href=\"https:\/\/www.rayon-boissons.com\/vins-et-champagnes\/sable-de-camargue-obtient-la-reconnaissance-en-aop\">Article<\/a> &#8211; 27 Octobre 2023<\/p>\n<p><strong>Objectif Gard <\/strong>: L&#8217;obtention de l&#8217;AOP propulse les vins Sable de Camargue sur la sc\u00e8ne mondiale &#8211; <a href=\"https:\/\/www.objectifgard.com\/gard\/camargue\/fait-du-jour-lobtention-de-laop-propulse-les-vins-sable-de-camargue-sur-la-scene-mondiale-117684.php\">Article<\/a> &#8211; 27 Octobre 2023<\/p>\n<p><strong>Gilles Moreau<\/strong> : Passage en AOP Vins Sable de Camargue \u2013 <a href=\"https:\/\/www.facebook.com\/1601133788\/videos\/1010629566719251\/\">Vid\u00e9o<\/a> &#8211; 27 Octobre 2023<\/p>\n<p><strong>Les Echos<\/strong> : Les vins Sable de Camargue obtiennent l\u2019AOP &#8211; <a href=\"https:\/\/www.lesechos.fr\/pme-regions\/occitanie\/les-vins-sable-de-camargue-obtiennent-laop-2025878\">Article<\/a> &#8211; 27 Octobre 2023<\/p>\n<p><strong>La Lettre T<\/strong> : N\u00b0689 &#8211; AOP &#8220;Sable de Camargue&#8221; pour les vins de Camargue &#8211; 1<sup>er<\/sup> Novembre 2023<\/p>\n<p><strong>Mesinfos.fr :<\/strong> Vins Sable de Camargue, une AOP symbole de reconnaissance pour le vignoble &#8211; <a href=\"https:\/\/mesinfos.fr\/30220-aigues-mortes\/vins-sable-de-camargue-une-aop-symbole-de-reconnaissance-pour-le-vignoble-186854.html\">\u00a0Article<\/a> \u2013 3 Novembre 2023<\/p>\n<p><strong>Press Agri Med<\/strong>\u00a0: Un nouveau chapitre s&#8217;ouvre avec l&#8217;AOP \u2013 <a href=\"https:\/\/www.pressagrimed.fr\/article\/un-nouveau-chapitre-s-ouvre-avec-l-aop\">Article<\/a> \u2013 9 Novembre 2023<\/p>\n<p><strong>Journal Vignette<\/strong>\u00a0: Les vins Sable de Camargue obtiennent l\u2019Appellation d\u2019Origine Prot\u00e9g\u00e9e \u2013 <a href=\"https:\/\/www.journalvignette.fr\/vins-sable-camargue-obtiennent-appellation-origine-protegee\/\" target=\"_blank\" rel=\"noopener\">Article<\/a> \u2013 D\u00e9cembre 2023<\/p>\n<p><strong>Le Dauphin\u00e9 lib\u00e9r\u00e9\u00a0: <\/strong>Label AOP pour les vins Sable de Camargue &#8211; <a href=\"https:\/\/www.ledauphine.com\/economie\/2023\/12\/14\/sur-le-sable-le-graal-du-gris-camarguais\" target=\"_blank\" rel=\"noopener\">Article<\/a> \u2013 D\u00e9cembre 2023<\/p>\n<p><strong>Midi Libre\u00a0:<\/strong> L\u2019AOP des vins Sable de Camargue dignement f\u00eat\u00e9e &#8211; <a href=\"https:\/\/www.midilibre.fr\/2023\/12\/17\/laop-des-vins-sable-de-camargue-dignement-fetee-11647580.php\" target=\"_blank\" rel=\"noopener\">Article<\/a> \u2013 17 D\u00e9cembre 2023<\/p>\n<p><strong>Objectif Gard\u00a0: <\/strong>Aigues-Mortes, Les vignerons Sable de Camargue pr\u00e9sentent le mill\u00e9sime 2023 \u2013 <a href=\"https:\/\/www.objectifgard.com\/actualites\/aigues-mortes-les-vignerons-sable-de-camargue-presentent-le-millesime-2023-120351.php\" target=\"_blank\" rel=\"noopener\">Article<\/a> \u2013 15 D\u00e9cembre 2023<\/p>\n<p><strong>Journal Vignette :\u00a0<\/strong>C\u00e9l\u00e9bration du Vins AOP Sable de Camargue au pied de la Tour de Constance &#8211; <a href=\"http:\/\/&lt;iframe src=&quot;https:\/\/www.facebook.com\/plugins\/post.php?href=https%3A%2F%2Fwww.facebook.com%2Fjournal.vignette%2Fposts%2Fpfbid029BF9vhmRRfJMHL3QxzQCnuybFASpVQndofAz1XhTJuGWgL7gTcU5FkxTY9h5YQVcl&amp;show_text=true&amp;width=500&quot; width=&quot;500&quot; height=&quot;796&quot; style=&quot;border:none;overflow:hidden&quot; scrolling=&quot;no&quot; frameborder=&quot;0&quot; allowfullscreen=&quot;true&quot; allow=&quot;autoplay; clipboard-write; encrypted-media; picture-in-picture; web-share&quot;&gt;&lt;\/iframe&gt;\" target=\"_blank\" rel=\"noopener\">Article<\/a> &#8211; 18 D\u00e9cembre 2023<\/p>\n<p><strong>Journal Vignette<\/strong>\u00a0: Les vins Sable de Camargue obtiennent l\u2019Appellation d\u2019Origine Prot\u00e9g\u00e9e \u2013 <a href=\"https:\/\/www.journalvignette.fr\/vins-sable-camargue-obtiennent-appellation-origine-protegee\/\">Article<\/a> \u2013 1er D\u00e9cembre 2023*<\/p>\n<p><strong>Bulletin municipal Grau du<\/strong> <strong>Roi n\u00b0194 &#8211;<\/strong>\u00a0<strong>p.7<\/strong>: Les Vins Sable de Camargue obtiennent l\u2019AOP &#8211; Article \u2013 D\u00e9cembre 2023<\/p>\n<p><strong>Communaut\u00e9 de Communes \u2013 Ensemble en Terre de Camargue n\u00b044 \u2013 P.7\u00a0<\/strong>: Avec l\u2019AOP, les vins Sable de Camargue entrent dans la cour des grands &#8211; <a href=\"https:\/\/www.terredecamargue.fr\/wp-content\/uploads\/bulletin\/bulletin_44\/bulletin_44.pdf\">Article<\/a> \u2013 D\u00e9cembre 2023<\/p>\n<p><strong>Le Dauphin\u00e9 lib\u00e9r\u00e9\u00a0: <\/strong>Label AOP pour les vins Sable de Camargue &#8211; <a href=\"https:\/\/www.ledauphine.com\/economie\/2023\/12\/14\/sur-le-sable-le-graal-du-gris-camarguais\">Article<\/a> \u2013 14 D\u00e9cembre 2023<\/p>\n<p><strong>Facebook &#8211; Edith&amp;Polux<\/strong>\u00a0: R\u00e9sidence de Journalistes \u2013 Romain Boutillier \u2013 Vins des Sables &#8211; <a href=\"kisskissbankbank.com\">Article<\/a> \u2013 12 d\u00e9cembre 2023<\/p>\n<p><strong>Facebook \u2013 Thierry Challier<\/strong>\u00a0: Vins Sable de Camargue f\u00eate l\u2019obtention de l\u2019AOP &#8211; <a href=\"https:\/\/www.facebook.com\/thierry.challier.9\/posts\/pfbid026YgcodiaQfMR2YuN95pMNRQXVug3SDP8dDv7N\">Article<\/a> \u2013 14 d\u00e9cembre 2023<\/p>\n<p><strong>Objectif Gard\u00a0: <\/strong>Aigues-Mortes, Les vignerons Sable de Camargue pr\u00e9sentent le mill\u00e9sime 2023 \u2013 <a href=\"https:\/\/www.objectifgard.com\/actualites\/aigues-mortes-les-vignerons-sable-de-camargue-presentent-le-millesime-2023-120351.php\">Article<\/a> \u2013 15 D\u00e9cembre 2023<\/p>\n<p><strong>Facebook\u00a0&#8211; Jean-Fran\u00e7ois Boyer<\/strong>\u00a0: JFB anime la soir\u00e9e de lancement de \u00ab l&#8217;AOP SABLE DE CAMARGUE \u00bb &#8211; <a href=\"https:\/\/www.facebook.com\/permalink.php?story_fbid=pfbid02ZLXSnRj56AdtPtXy6nG3XTdcArFzwkGquxWUP8ZV3etaqgcLDANbhKxd5gi8ZZF\">Article<\/a> &#8211; 15 d\u00e9cembre 2023<\/p>\n<p><strong>Instagram \u2013 Maryl\u00e8neFamilySquad<\/strong>\u00a0: soir\u00e9e AOP \u2013 <a href=\"https:\/\/www.instagram.com\/reel\/C03_fPui5Mp\/?utm_source=ig_web_button_share_sheet&amp;igsh=MzRlODBiNWFlZA==\">Vid\u00e9o<\/a> \u2013 15 d\u00e9cembre 2023<\/p>\n<p><strong>Midi Libre\u00a0:<\/strong> L\u2019AOP des vins Sable de Camargue dignement f\u00eat\u00e9e &#8211; <a href=\"https:\/\/www.midilibre.fr\/2023\/12\/17\/laop-des-vins-sable-de-camargue-dignement-fetee-11647580.php\">Article<\/a> \u2013 17 D\u00e9cembre 2023<\/p>\n<p><strong>R\u00e9veil du Midi\u00a0<\/strong>:\u00a0 Les vignerons Sable de Camargue c\u00e9l\u00e8brent l\u2019Appellation d\u2019Origine Prot\u00e9g\u00e9e un h\u00e9ritage pour les jeunes &#8211; <a href=\"https:\/\/www.lereveildumidi.fr\/%C3%A9conomie\/agriculture\/les-vignerons-sable-de-camargue-c%C3%A9l%C3%A8brent-l%E2%80%99appellation-d%E2%80%99origine-prot%C3%A9g%C3%A9e-un-h%C3%A9ritage-pour-les-jeunes\">Article<\/a> &#8211; 19 d\u00e9cembre 2023[\/vc_column_text][\/vc_tta_section][vc_tta_section title=&#8221;Social Networks&#8221; tab_id=&#8221;1546813031523-96ed1ab5-711c&#8221;][vc_column_text]<a href=\"http:\/\/www.ville-saint-laurent-daigouze.fr\/\">www.ville-saint-laurent-daigouze.fr<\/a><\/p>\n<p><a href=\"https:\/\/www.facebook.com\/Vins-Sable-de-Camargue-1431064697038117\/\" target=\"_blank\" rel=\"noopener\">Facebook : Vins Sable de Camargue<\/a><\/p>\n<p><a href=\"https:\/\/www.instagram.com\/sabledecamargue\/?hl=fr\" target=\"_blank\" rel=\"noopener\">Instagram : Sable de Camargue<\/a><\/p>\n<p><a href=\"https:\/\/www.vin-sable-camargue.com\/wp-content\/uploads\/2020\/11\/R\u00c8GLEMENT-DE-JEU-CONCOURS.pdf\" target=\"_blank\" rel=\"noopener\">RI, Jeux concours de No\u00ebl<\/a><\/p>\n<p>[\/vc_column_text][\/vc_tta_section][\/vc_tta_accordion][\/vc_column][vc_column width=&#8221;1\/2&#8243;][vc_single_image image=&#8221;2033&#8243; img_size=&#8221;large&#8221; alignment=&#8221;center&#8221; css_animation=&#8221;slideInRight&#8221;][\/vc_column][\/vc_row][vc_row remove_padding=&#8221;no-padding-vc-row&#8221;][vc_column width=&#8221;1\/2&#8243;][vc_single_image image=&#8221;2029&#8243; img_size=&#8221;large&#8221; alignment=&#8221;center&#8221; css_animation=&#8221;slideInLeft&#8221;][\/vc_column][vc_column width=&#8221;1\/2&#8243;][vc_column_text]<\/p>\n<h2>Our partners<\/h2>\n<p>[\/vc_column_text][vc_tta_accordion][vc_tta_section title=&#8221; Photographers&#8221; tab_id=&#8221;1546813442560-063c8bb2-408f&#8221;][vc_column_text]Association Regards Aigues-Mortes :<br \/>\n<a href=\"http:\/\/regardsaiguesmortes-photo.blogspot.com\/\" target=\"_blank\" rel=\"noopener\">regardsaiguesmortes-photo.blogspot.com<\/a><\/p>\n<p>Dominique DEMOUY :<br \/>\n<a href=\"https:\/\/www.jingoo.com\/dominique-demouy\/\" target=\"_blank\" rel=\"noopener\">www.jingoo.com\/dominique-demouy\/<\/a>[\/vc_column_text][\/vc_tta_section][vc_tta_section title=&#8221;Restaurants&#8221; tab_id=&#8221;1546813442677-6baa38a1-2a3d&#8221;][vc_column_text]<span lang=\"fr-FR\">Les Voyageurs\u00a0: <\/span><span style=\"color: #0563c1;\"><a href=\"https:\/\/www.restaurantdesvoyageurs.com\/\" target=\"_blank\" rel=\"noopener\"><span lang=\"fr-FR\">www.restaurantdesvoyageurs.com<\/span><\/a><\/span><\/p>\n<p><span lang=\"fr-FR\">L\u2019Oustau Camarguais : <a href=\"http:\/\/www.oustau.info\/topic\/index.html\" target=\"_blank\" rel=\"noopener\">www.ousteau.info<\/a><\/span><\/p>\n<p>Le Boem :\u00a0<a href=\"https:\/\/www.facebook.com\/BoemAiguesMortes\/\" target=\"_blank\" rel=\"noopener\">BoemAiguesMortes<\/a><\/p>\n<p>Le Dit Vin :\u00a0<a href=\"http:\/\/www.restoleditvin.com\/\" target=\"_blank\" rel=\"noopener\">www.restoleditvin.com<\/a><\/p>\n<p>Le Mas des Sables :\u00a0<a href=\"https:\/\/www.lemasdessables.com\/fr\/restaurant-aigues-mortes\" target=\"_blank\" rel=\"noopener\">www.lemasdessables.com<\/a><\/p>\n<p>H\u00f4tel des Remparts :\u00a0<a href=\"https:\/\/www.remparts-aiguesmortes.fr\/fr\/hotel-de-charme-aigues-mortes\" target=\"_blank\" rel=\"noopener\">www.remparts-aiguesmortes.fr<\/a><\/p>\n<p>Au Louis IX : <a href=\"https:\/\/www.facebook.com\/p\/Restaurant-Au-Louis-IX-100063631959132\/\" target=\"_blank\" rel=\"noopener\">Facebook<\/a><\/p>\n<p>Chez papy Mo\u00efse :\u00a0<a href=\"http:\/\/www.papy-moise.com\">www.papy-moise.com<\/a><\/p>\n<p>Le caf\u00e9 du Commerce :\u00a0<a href=\"http:\/\/www.cafeducommerce-aiguesmortes.com\">www.cafeducommerce-aiguesmortes.com<\/a><\/p>\n<p>Le Minos : <a href=\"https:\/\/fr.tripadvisor.ch\/Restaurant_Review-g187150-d1335280-Reviews-or40-Le_Minos-Aigues_Mortes_Gard_Occitanie.html\" target=\"_blank\" rel=\"noopener\">Trip Advisor<\/a><\/p>\n<p>Les Poissons d\u2019Argent :\u00a0<a href=\"https:\/\/les-poissons-dargent.com\/\" target=\"_blank\" rel=\"noopener\">www.les-poissons-dargent.com<\/a><\/p>\n<p>Le Petit Louis :\u00a0<a href=\"https:\/\/www.lesaintlouis.fr\/\" target=\"_blank\" rel=\"noopener\">www.lesaintlouis.fr<\/a><\/p>\n<p>L\u2019atelier de Nicolas :\u00a0<a href=\"http:\/\/www.restaurant-latelierdenicolas.fr\">www.restaurant-latelierdenicolas.fr<\/a><\/p>\n<p>Pastabar\u00a0:<a href=\"https:\/\/www.maisondemonpere.fr\/le-pastabar\/\" target=\"_blank\" rel=\"noopener\"> www.lamaisondemonpere.fr\/le-pastabar<\/a><\/p>\n<p>Casa toro Luna : <a href=\"http:\/\/www.casatoroluna.fr\">www.casatoroluna.fr<\/a><\/p>\n<p>[\/vc_column_text][\/vc_tta_section][vc_tta_section title=&#8221;Municipalities and Tourist Offices&#8221; tab_id=&#8221;1546813442811-cbbf4063-9fbd&#8221;][vc_column_text]<a href=\"http:\/\/www.ville-aigues-mortes.fr\/\" target=\"_blank\" rel=\"noopener\">www.ville-aigues-mortes.fr<\/a>\u00a0&#8211;\u00a0<a href=\"http:\/\/ot-aiguesmortes.com\/\" target=\"_blank\" rel=\"noopener\">ot-aiguesmortes.com<\/a><\/p>\n<p><a href=\"http:\/\/www.ville-saint-laurent-daigouze.fr\/\" target=\"_blank\" rel=\"noopener\">www.ville-saint-laurent-daigouze.fr<\/a>\u00a0&#8211;\u00a0<a href=\"http:\/\/tourisme-saint-laurent-daigouze.fr\/fr\/accueil\/\" target=\"_blank\" rel=\"noopener\">tourisme-saint-laurent-daigouze.fr<\/a><\/p>\n<p><a href=\"http:\/\/www.ville-legrauduroi.fr\/\" target=\"_blank\" rel=\"noopener\">www.ville-legrauduroi.fr<\/a>\u00a0<a href=\"https:\/\/www.letsgrau.com\/\" target=\"_blank\" rel=\"noopener\">&#8211; www.letsgrau.com<\/a><\/p>\n<p><a href=\"http:\/\/www.vauvert.com\/\" target=\"_blank\" rel=\"noopener\">www.vauvert.com<\/a>\u00a0&#8211;\u00a0<a href=\"https:\/\/coeurdepetitecamargue.fr\/\" target=\"_blank\" rel=\"noopener\">coeurdepetitecamargue.fr<\/a><\/p>\n<p><a href=\"https:\/\/www.lagrandemotte.fr\/\" target=\"_blank\" rel=\"noopener\">www.lagrandemotte.fr<\/a>\u00a0&#8211;\u00a0<a href=\"https:\/\/www.lagrandemotte.com\/office-de-tourisme\/\" target=\"_blank\" rel=\"noopener\">www.lagrandemotte.com\/office-de-tourisme<\/a><\/p>\n<p><a href=\"https:\/\/www.sete.fr\/\" target=\"_blank\" rel=\"noopener\">www.sete.fr<\/a>\u00a0&#8211;\u00a0<a href=\"https:\/\/www.tourisme-sete.com\/\" target=\"_blank\" rel=\"noopener\">www.tourisme-sete.com<\/a>[\/vc_column_text][\/vc_tta_section][vc_tta_section title=&#8221;Label Vignobles et D\u00e9couvertes&#8221; tab_id=&#8221;1546813442937-2f3e3855-4043&#8243;][vc_column_text]<img decoding=\"async\" loading=\"lazy\" class=\"wp-image-1840 alignleft\" src=\"https:\/\/www.vin-sable-camargue.com\/wp-content\/uploads\/2020\/09\/VD.jpg\" alt=\"\" width=\"147\" height=\"188\" \/><\/p>\n<p>D\u00e9couvrir les appellations de la destination Vignobles Vidourle Camargue\u00a0 : <a href=\"https:\/\/fr.calameo.com\/read\/00124461912e15879a1ca\" target=\"_blank\" rel=\"noopener\">Lien<\/a><\/p>\n<p>La carte des professionnels du tourisme et du vin partenaires de la\u00a0destination\u00a0Vignobles Vidourle Camargue\u00a0 : <a href=\"https:\/\/www.google.com\/maps\/d\/u\/0\/viewer?fbclid=IwAR25fvDzkPOHvUDmJYDkjcXWPJNYRU_MLj-BykM1NFLLbi1BviAPHZvbHKU&amp;ll=43.714085095009224%2C4.172828750000019&amp;z=10&amp;mid=1r40ebtcX05J8IfCgRcu6P4Fxgy-FpqWd\" target=\"_blank\" rel=\"noopener\">Lien<\/a><\/p>\n<p>Un jour, une route, un terroir : parcourez les routes des vins entre Vidourle et Camargue : <a href=\"https:\/\/fr.calameo.com\/read\/001244619dbb256dafdae\" target=\"_blank\" rel=\"noopener\">Lien<\/a><\/p>\n<p>Le guide des Ambassadeurs de la destination Vignobles de Vidourle Camargue ! Toutes les bonnes adresses pour\u00a0parcourir\u00a0le vignoble, s&#8217;y amuser et y s\u00e9journer : <a href=\"https:\/\/fr.calameo.com\/read\/00124461977d2ca7d08b4\" target=\"_blank\" rel=\"noopener\">Lien<\/a>\u00a0&#8211;\u00a0&#8211;\u00a0<a href=\"https:\/\/www.tourismegard.com\/accueil\/deguster\/gastronomie\/label-vignobles-decouvertes\/vignobles-de-vidourle-camargue\" target=\"_blank\" rel=\"noopener\">Les caveaux labellis\u00e9s Vignobles et D\u00e9couvertes<\/a>[\/vc_column_text][\/vc_tta_section][\/vc_tta_accordion][\/vc_column][\/vc_row]<\/p>\n","protected":false},"excerpt":{"rendered":"<p>[vc_row bg_type=&#8221;image&#8221; bg_override=&#8221;ex-full&#8221; enable_overlay=&#8221;enable_overlay_value&#8221; overlay_color=&#8221;rgba(255,255,255,0.7)&#8221; overlay_pattern=&#8221;transperant&#8221; css=&#8221;.vc_custom_1546814755619{background-image: url(https:\/\/www.vin-sable-camargue.com\/wp-content\/uploads\/2017\/05\/BauerGudrun-Ram-gudrun-vin-des-sables1-ret.jpg?id=441) !important;}&#8221;][vc_column][vc_empty_space][vc_column_text] Press [\/vc_column_text][\/vc_column][\/vc_row][vc_row remove_padding=&#8221;no-padding-vc-row&#8221;][vc_column width=&#8221;1\/2&#8243;][vc_column_text] Dear journalist friends, Welcome to the unique terroir of Sable de Camargue wines, here are 5 good reasons to come to our land &#8230; The landscapes of&#8230;<\/p>\n","protected":false},"author":6,"featured_media":0,"parent":0,"menu_order":0,"comment_status":"closed","ping_status":"closed","template":"","meta":[],"acf":[],"_links":{"self":[{"href":"https:\/\/www.vin-sable-camargue.com\/en\/wp-json\/wp\/v2\/pages\/1368"}],"collection":[{"href":"https:\/\/www.vin-sable-camargue.com\/en\/wp-json\/wp\/v2\/pages"}],"about":[{"href":"https:\/\/www.vin-sable-camargue.com\/en\/wp-json\/wp\/v2\/types\/page"}],"author":[{"embeddable":true,"href":"https:\/\/www.vin-sable-camargue.com\/en\/wp-json\/wp\/v2\/users\/6"}],"replies":[{"embeddable":true,"href":"https:\/\/www.vin-sable-camargue.com\/en\/wp-json\/wp\/v2\/comments?post=1368"}],"version-history":[{"count":9,"href":"https:\/\/www.vin-sable-camargue.com\/en\/wp-json\/wp\/v2\/pages\/1368\/revisions"}],"predecessor-version":[{"id":3185,"href":"https:\/\/www.vin-sable-camargue.com\/en\/wp-json\/wp\/v2\/pages\/1368\/revisions\/3185"}],"wp:attachment":[{"href":"https:\/\/www.vin-sable-camargue.com\/en\/wp-json\/wp\/v2\/media?parent=1368"}],"curies":[{"name":"wp","href":"https:\/\/api.w.org\/{rel}","templated":true}]}}